{"id":15733,"date":"2023-01-12T22:41:13","date_gmt":"2023-01-12T21:41:13","guid":{"rendered":"https:\/\/www.autresens.org\/?page_id=15733"},"modified":"2023-08-15T02:36:22","modified_gmt":"2023-08-15T00:36:22","slug":"archives","status":"publish","type":"page","link":"https:\/\/www.autresens.org\/it\/a-propos\/archives\/","title":{"rendered":"Archivio"},"content":{"rendered":"<p><div class=\"fusion-fullwidth fullwidth-box fusion-builder-row-1 fusion-flex-container has-pattern-background has-mask-background nonhundred-percent-fullwidth non-hundred-percent-height-scrolling\" style=\"--awb-border-radius-top-left:0px;--awb-border-radius-top-right:0px;--awb-border-radius-bottom-right:0px;--awb-border-radius-bottom-left:0px;--awb-margin-top:30px;--awb-flex-wrap:wrap;\" ><div class=\"fusion-builder-row fusion-row fusion-flex-align-items-flex-start fusion-flex-content-wrap\" style=\"max-width:1216.8px;margin-left: calc(-4% \/ 2 );margin-right: calc(-4% \/ 2 );\"><div class=\"fusion-layout-column fusion_builder_column fusion-builder-column-0 fusion_builder_column_1_1 1_1 fusion-flex-column\" style=\"--awb-bg-size:cover;--awb-width-large:100%;--awb-margin-top-large:0px;--awb-spacing-right-large:1.92%;--awb-margin-bottom-large:20px;--awb-spacing-left-large:1.92%;--awb-width-medium:100%;--awb-order-medium:0;--awb-spacing-right-medium:1.92%;--awb-spacing-left-medium:1.92%;--awb-width-small:100%;--awb-order-small:0;--awb-spacing-right-small:1.92%;--awb-spacing-left-small:1.92%;\"><div class=\"fusion-column-wrapper fusion-column-has-shadow fusion-flex-justify-content-flex-start fusion-content-layout-column\"><div class=\"fusion-title title fusion-title-1 fusion-sep-none fusion-title-text fusion-title-size-two\" style=\"--awb-margin-top-small:0px;--awb-margin-right-small:0px;--awb-margin-bottom-small:20px;--awb-margin-left-small:0px;\"><h2 class=\"fusion-title-heading title-heading-left\" style=\"margin:0;\">AutreSens nel tempo<\/h2><\/div><div class=\"fusion-separator\" style=\"align-self: flex-start;margin-right:auto;margin-bottom:30px;width:100%;max-width:200px;\"><div class=\"fusion-separator-border sep-single\" style=\"--awb-height:20px;--awb-amount:20px;--awb-sep-color:var(--awb-color6);border-color:var(--awb-color6);border-top-width:3px;\"><\/div><\/div>\n<\/div><\/div><\/div><\/div><div class=\"fusion-fullwidth fullwidth-box fusion-builder-row-2 fusion-flex-container has-pattern-background has-mask-background nonhundred-percent-fullwidth non-hundred-percent-height-scrolling\" style=\"--link_hover_color: var(--awb-custom14);--link_color: var(--awb-color6);--awb-border-radius-top-left:0px;--awb-border-radius-top-right:0px;--awb-border-radius-bottom-right:0px;--awb-border-radius-bottom-left:0px;--awb-flex-wrap:wrap;\" ><div class=\"fusion-builder-row fusion-row fusion-flex-align-items-flex-start fusion-flex-content-wrap\" style=\"max-width:1216.8px;margin-left: calc(-4% \/ 2 );margin-right: calc(-4% \/ 2 );\"><div class=\"fusion-layout-column fusion_builder_column fusion-builder-column-1 fusion_builder_column_1_1 1_1 fusion-flex-column\" style=\"--awb-bg-size:cover;--awb-width-large:100%;--awb-margin-top-large:0px;--awb-spacing-right-large:1.92%;--awb-margin-bottom-large:20px;--awb-spacing-left-large:1.92%;--awb-width-medium:100%;--awb-order-medium:0;--awb-spacing-right-medium:1.92%;--awb-spacing-left-medium:1.92%;--awb-width-small:100%;--awb-order-small:0;--awb-spacing-right-small:1.92%;--awb-spacing-left-small:1.92%;\"><div class=\"fusion-column-wrapper fusion-column-has-shadow fusion-flex-justify-content-flex-start fusion-content-layout-column\"><div class=\"fusion-blog-shortcode fusion-blog-shortcode-1 fusion-blog-archive fusion-blog-layout-timeline-wrapper fusion-blog-pagination\"><div class=\"fusion-posts-container fusion-posts-container-pagination fusion-blog-rollover\" data-pages=\"1\"><div class=\"fusion-timeline-icon\"><i class=\"awb-icon-bubbles\" style=\"color:#ebeaea;\" aria-hidden=\"true\"><\/i><\/div><div class=\"fusion-blog-layout-timeline fusion-clearfix\"><div class=\"fusion-timeline-line\" style=\"border-left:1px solid #ebeaea;border-right:1px solid #ebeaea;\"><\/div><h3 class=\"fusion-timeline-date\" style=\"background-color:#ebeaea;\">Gennaio 2024<\/h3><div class=\"fusion-collapse-month\"><article id=\"blog-1-post-16801\" style=\"border-color:#ebeaea;\" class=\"fusion-post-timeline fusion-clearfix fusion-left-column post-16801 post type-post status-publish format-standard has-post-thumbnail hentry category-actualites\">\n<div class=\"fusion-post-wrapper\" style=\"background-color:rgba(255,255,255,1);\">\n\n\t\t\t<div class=\"fusion-flexslider flexslider fusion-flexslider-loading fusion-post-slideshow\" style=\"border-color:#ebeaea;\">\n\t\t<ul class=\"slides\">\n\t\t\t\n\t\t\t\t\t\t\t\t\t\t\t\t\t\t<li><div  class=\"fusion-image-wrapper\" aria-haspopup=\"true\">\n\t\t\t\t<img decoding=\"async\" width=\"4032\" height=\"3024\" src=\"https:\/\/www.autresens.org\/wp-content\/uploads\/2024\/02\/JE24-1.png\" class=\"attachment-full size-full wp-post-image\" alt=\"\" srcset=\"https:\/\/www.autresens.org\/wp-content\/uploads\/2024\/02\/JE24-1-200x150.png 200w, https:\/\/www.autresens.org\/wp-content\/uploads\/2024\/02\/JE24-1-400x300.png 400w, https:\/\/www.autresens.org\/wp-content\/uploads\/2024\/02\/JE24-1-600x450.png 600w, https:\/\/www.autresens.org\/wp-content\/uploads\/2024\/02\/JE24-1-800x600.png 800w, https:\/\/www.autresens.org\/wp-content\/uploads\/2024\/02\/JE24-1-1200x900.png 1200w, https:\/\/www.autresens.org\/wp-content\/uploads\/2024\/02\/JE24-1.png 4032w\" sizes=\"(max-width: 1024px) 100vw, (max-width: 640px) 100vw, 40vw\" \/><div class=\"fusion-rollover\">\n\t<div class=\"fusion-rollover-content\">\n\n\t\t\t\t\n\t\t\n\t\t\t\t\t\t\t\t\t\t\t\t<h4 class=\"fusion-rollover-title\">\n\t\t\t\t\t<a class=\"fusion-rollover-title-link\" href=\"https:\/\/www.autresens.org\/it\/journee-de-leducation-2024\/\">\n\t\t\t\t\t\tGiornata dell'educazione 2024\t\t\t\t\t<\/a>\n\t\t\t\t<\/h4>\n\t\t\t\n\t\t\t\t\t\t\t\t\n\t\t\n\t\t\t\t\t\t<a class=\"fusion-link-wrapper\" href=\"https:\/\/www.autresens.org\/it\/journee-de-leducation-2024\/\" aria-label=\"Giornata dell&#039;educazione 2024\"><\/a>\n\t<\/div>\n<\/div>\n<\/div>\n<\/li>\n\t\t\t\n\t\t\t\n\t\t\t\t\t\t\t\t\t\t\t\t\t\t\t\t\t\t\t\t\t\t\t\t\t\t\t\t\t\t\t\t\t\t\t\t\t\t\t\t\t\t\t\t\t\t\t\t\t\t\t\t\t\t\t\t\t\t\t\t\t\t\t\t\t\t\t\t<\/ul>\n\t<\/div>\n\t<div class=\"fusion-post-content-wrapper\" style=\"padding:30px 25px 20px 25px;\"><div class=\"fusion-post-content post-content\"><div class=\"fusion-timeline-circle\" style=\"background-color:#ebeaea;\"><\/div><div class=\"fusion-timeline-arrow\" style=\"color:#ebeaea;\"><\/div><h2 class=\"blog-shortcode-post-title entry-title\"><a href=\"https:\/\/www.autresens.org\/it\/journee-de-leducation-2024\/\">Giornata dell'educazione 2024<\/a><\/h2><p class=\"fusion-single-line-meta\"><span class=\"vcard\" style=\"display: none;\"><span class=\"fn\"><a href=\"https:\/\/www.autresens.org\/it\/author\/autresensadmin\/\" title=\"Articoli scritti da AutreSens\" rel=\"author\">AltroSenso<\/a><\/span><\/span><span class=\"updated\" style=\"display:none;\">2024-02-23T23:48:13+01:00<\/span><span>25 Gennaio 2024<\/span><span class=\"fusion-inline-sep\">|<\/span><\/p><div class=\"fusion-content-sep sep-shadow\"><\/div><div class=\"fusion-post-content-container\"><p> AutreSens ha celebrato la Giornata internazionale dell'educazione il 24 gennaio 2024 Il 24 gennaio 2024, membri e amici di AutreSens si sono riuniti all'Universit\u00e0 di Parigi.<\/p><\/div><\/div><div class=\"fusion-meta-info\"><div class=\"fusion-alignleft\"><a class=\"fusion-read-more\" href=\"https:\/\/www.autresens.org\/it\/journee-de-leducation-2024\/\" aria-label=\"More on Journ\u00e9e de l&rsquo;\u00e9ducation 2024\">Read More<\/a><\/div><\/div><\/div><div class=\"fusion-clearfix\"><\/div><\/div>\n<\/article>\n<\/div><h3 class=\"fusion-timeline-date\" style=\"background-color:#ebeaea;\">Novembre 2023<\/h3><div class=\"fusion-collapse-month\"><article id=\"blog-1-post-16818\" style=\"border-color:#ebeaea;\" class=\"fusion-post-timeline fusion-clearfix fusion-right-column post-16818 post type-post status-publish format-standard hentry category-actualites\">\n<div class=\"fusion-post-wrapper\" style=\"background-color:rgba(255,255,255,1);\">\n\n<div class=\"fusion-post-content-wrapper\" style=\"padding:30px 25px 20px 25px;\"><div class=\"fusion-post-content post-content\"><div class=\"fusion-timeline-circle\" style=\"background-color:#ebeaea;\"><\/div><div class=\"fusion-timeline-arrow\" style=\"color:#ebeaea;\"><\/div><h2 class=\"blog-shortcode-post-title entry-title\"><a href=\"https:\/\/www.autresens.org\/it\/3eme-rencontre-du-reseau-mint-suisse\/\">3\u00b0 incontro della rete MINT svizzera<\/a><\/h2><p class=\"fusion-single-line-meta\"><span class=\"vcard\" style=\"display: none;\"><span class=\"fn\"><a href=\"https:\/\/www.autresens.org\/it\/author\/autresensadmin\/\" title=\"Articoli scritti da AutreSens\" rel=\"author\">AltroSenso<\/a><\/span><\/span><span class=\"updated\" style=\"display:none;\">2024-02-23T23:47:35+01:00<\/span><span>26 novembre 2023<\/span><span class=\"fusion-inline-sep\">|<\/span><\/p><div class=\"fusion-content-sep sep-shadow\"><\/div><div class=\"fusion-post-content-container\"><p>AutreSens era presente al 3\u00b0 incontro della rete MINT svizzera Il 24 novembre 2023, l'\"Incontro della rete MINT svizzera\" ha riunito una settantina di partecipanti presso l'Istituto MINT svizzero.<\/p><\/div><\/div><div class=\"fusion-meta-info\"><div class=\"fusion-alignleft\"><a class=\"fusion-read-more\" href=\"https:\/\/www.autresens.org\/it\/3eme-rencontre-du-reseau-mint-suisse\/\" aria-label=\"More on 3\u00e8me rencontre du r\u00e9seau MINT Suisse\">Read More<\/a><\/div><\/div><\/div><div class=\"fusion-clearfix\"><\/div><\/div>\n<\/article>\n<\/div><h3 class=\"fusion-timeline-date\" style=\"background-color:#ebeaea;\">Agosto 2023<\/h3><div class=\"fusion-collapse-month\"><article id=\"blog-1-post-16284\" style=\"border-color:#ebeaea;\" class=\"fusion-post-timeline fusion-clearfix fusion-left-column post-16284 post type-post status-publish format-standard has-post-thumbnail hentry category-actualites\">\n<div class=\"fusion-post-wrapper\" style=\"background-color:rgba(255,255,255,1);\">\n\n\t\t\t<div class=\"fusion-flexslider flexslider fusion-flexslider-loading fusion-post-slideshow\" style=\"border-color:#ebeaea;\">\n\t\t<ul class=\"slides\">\n\t\t\t\n\t\t\t\t\t\t\t\t\t\t\t\t\t\t<li><div  class=\"fusion-image-wrapper\" aria-haspopup=\"true\">\n\t\t\t\t<img decoding=\"async\" width=\"1180\" height=\"315\" src=\"https:\/\/www.autresens.org\/wp-content\/uploads\/2023\/08\/BDBanniere.png\" class=\"attachment-full size-full wp-post-image\" alt=\"\" srcset=\"https:\/\/www.autresens.org\/wp-content\/uploads\/2023\/08\/BDBanniere-200x53.png 200w, https:\/\/www.autresens.org\/wp-content\/uploads\/2023\/08\/BDBanniere-400x107.png 400w, https:\/\/www.autresens.org\/wp-content\/uploads\/2023\/08\/BDBanniere-600x160.png 600w, https:\/\/www.autresens.org\/wp-content\/uploads\/2023\/08\/BDBanniere-800x214.png 800w, https:\/\/www.autresens.org\/wp-content\/uploads\/2023\/08\/BDBanniere.png 1180w\" sizes=\"(max-width: 1024px) 100vw, (max-width: 640px) 100vw, 40vw\" \/><div class=\"fusion-rollover\">\n\t<div class=\"fusion-rollover-content\">\n\n\t\t\t\t\n\t\t\n\t\t\t\t\t\t\t\t\t\t\t\t<h4 class=\"fusion-rollover-title\">\n\t\t\t\t\t<a class=\"fusion-rollover-title-link\" href=\"https:\/\/www.autresens.org\/it\/lhistoire-dautresens-en-bd\/\">\n\t\t\t\t\t\tLa storia di AutreSens... a fumetti!\t\t\t\t\t<\/a>\n\t\t\t\t<\/h4>\n\t\t\t\n\t\t\t\t\t\t\t\t\n\t\t\n\t\t\t\t\t\t<a class=\"fusion-link-wrapper\" href=\"https:\/\/www.autresens.org\/it\/lhistoire-dautresens-en-bd\/\" aria-label=\"La storia di AutreSens... a fumetti!\"><\/a>\n\t<\/div>\n<\/div>\n<\/div>\n<\/li>\n\t\t\t\n\t\t\t\n\t\t\t\t\t\t\t\t\t\t\t\t\t\t\t\t\t\t\t\t\t\t\t\t\t\t\t\t\t\t\t\t\t\t\t\t\t\t\t\t\t\t\t\t\t\t\t\t\t\t\t\t\t\t\t\t\t\t\t\t\t\t\t\t\t\t\t\t<\/ul>\n\t<\/div>\n\t<div class=\"fusion-post-content-wrapper\" style=\"padding:30px 25px 20px 25px;\"><div class=\"fusion-post-content post-content\"><div class=\"fusion-timeline-circle\" style=\"background-color:#ebeaea;\"><\/div><div class=\"fusion-timeline-arrow\" style=\"color:#ebeaea;\"><\/div><h2 class=\"blog-shortcode-post-title entry-title\"><a href=\"https:\/\/www.autresens.org\/it\/lhistoire-dautresens-en-bd\/\">La storia di AutreSens... a fumetti!<\/a><\/h2><p class=\"fusion-single-line-meta\"><span class=\"vcard\" style=\"display: none;\"><span class=\"fn\"><a href=\"https:\/\/www.autresens.org\/it\/author\/autresensadmin\/\" title=\"Articoli scritti da AutreSens\" rel=\"author\">AltroSenso<\/a><\/span><\/span><span class=\"updated\" style=\"display:none;\">2024-02-23T23:48:33+01:00<\/span><span>26 agosto 2023<\/span><span class=\"fusion-inline-sep\">|<\/span><\/p><div class=\"fusion-content-sep sep-shadow\"><\/div><div class=\"fusion-post-content-container\"><p>La storia di AutreSens... a fumetti!    Scoprite la storia, i progetti, il Meaningful Learning, insomma, scoprite AutreSens a fumetti! Un grande ringraziamento a Gilles Bellevaut, autore e disegnatore di<\/p><\/div><\/div><div class=\"fusion-meta-info\"><div class=\"fusion-alignleft\"><a class=\"fusion-read-more\" href=\"https:\/\/www.autresens.org\/it\/lhistoire-dautresens-en-bd\/\" aria-label=\"More on L&rsquo;histoire d&rsquo;AutreSens&#8230; en BD!\">Read More<\/a><\/div><\/div><\/div><div class=\"fusion-clearfix\"><\/div><\/div>\n<\/article>\n<\/div><h3 class=\"fusion-timeline-date\" style=\"background-color:#ebeaea;\">Giugno 2023<\/h3><div class=\"fusion-collapse-month\"><article id=\"blog-1-post-16278\" style=\"border-color:#ebeaea;\" class=\"fusion-post-timeline fusion-clearfix fusion-right-column post-16278 post type-post status-publish format-standard has-post-thumbnail hentry category-actualites\">\n<div class=\"fusion-post-wrapper\" style=\"background-color:rgba(255,255,255,1);\">\n\n\t\t\t<div class=\"fusion-flexslider flexslider fusion-flexslider-loading fusion-post-slideshow\" style=\"border-color:#ebeaea;\">\n\t\t<ul class=\"slides\">\n\t\t\t\n\t\t\t\t\t\t\t\t\t\t\t\t\t\t<li><div  class=\"fusion-image-wrapper\" aria-haspopup=\"true\">\n\t\t\t\t<img decoding=\"async\" width=\"600\" height=\"144\" src=\"https:\/\/www.autresens.org\/wp-content\/uploads\/2023\/08\/Logo_LearningPlanet_Alliance_1.png\" class=\"attachment-full size-full wp-post-image\" alt=\"\" srcset=\"https:\/\/www.autresens.org\/wp-content\/uploads\/2023\/08\/Logo_LearningPlanet_Alliance_1-200x48.png 200w, https:\/\/www.autresens.org\/wp-content\/uploads\/2023\/08\/Logo_LearningPlanet_Alliance_1-400x96.png 400w, https:\/\/www.autresens.org\/wp-content\/uploads\/2023\/08\/Logo_LearningPlanet_Alliance_1.png 600w\" sizes=\"(max-width: 1024px) 100vw, (max-width: 640px) 100vw, 40vw\" \/><div class=\"fusion-rollover\">\n\t<div class=\"fusion-rollover-content\">\n\n\t\t\t\t\n\t\t\n\t\t\t\t\t\t\t\t\t\t\t\t<h4 class=\"fusion-rollover-title\">\n\t\t\t\t\t<a class=\"fusion-rollover-title-link\" href=\"https:\/\/www.autresens.org\/it\/autresens-rejoint-la-learningplanet-alliance\/\">\n\t\t\t\t\t\tAutreSens si unisce all'alleanza LearningPlanet\t\t\t\t\t<\/a>\n\t\t\t\t<\/h4>\n\t\t\t\n\t\t\t\t\t\t\t\t\n\t\t\n\t\t\t\t\t\t<a class=\"fusion-link-wrapper\" href=\"https:\/\/www.autresens.org\/it\/autresens-rejoint-la-learningplanet-alliance\/\" aria-label=\"AutreSens si unisce all&#039;alleanza LearningPlanet\"><\/a>\n\t<\/div>\n<\/div>\n<\/div>\n<\/li>\n\t\t\t\n\t\t\t\n\t\t\t\t\t\t\t\t\t\t\t\t\t\t\t\t\t\t\t\t\t\t\t\t\t\t\t\t\t\t\t\t\t\t\t\t\t\t\t\t\t\t\t\t\t\t\t\t\t\t\t\t\t\t\t\t\t\t\t\t\t\t\t\t\t\t\t\t<\/ul>\n\t<\/div>\n\t<div class=\"fusion-post-content-wrapper\" style=\"padding:30px 25px 20px 25px;\"><div class=\"fusion-post-content post-content\"><div class=\"fusion-timeline-circle\" style=\"background-color:#ebeaea;\"><\/div><div class=\"fusion-timeline-arrow\" style=\"color:#ebeaea;\"><\/div><h2 class=\"blog-shortcode-post-title entry-title\"><a href=\"https:\/\/www.autresens.org\/it\/autresens-rejoint-la-learningplanet-alliance\/\">AutreSens si unisce all'alleanza LearningPlanet<\/a><\/h2><p class=\"fusion-single-line-meta\"><span class=\"vcard\" style=\"display: none;\"><span class=\"fn\"><a href=\"https:\/\/www.autresens.org\/it\/author\/autresensadmin\/\" title=\"Articoli scritti da AutreSens\" rel=\"author\">AltroSenso<\/a><\/span><\/span><span class=\"updated\" style=\"display:none;\">2023-08-15T16:06:46+02:00<\/span><span>8 giugno 2023<\/span><span class=\"fusion-inline-sep\">|<\/span><\/p><div class=\"fusion-content-sep sep-shadow\"><\/div><div class=\"fusion-post-content-container\"><p>AutreSens si unisce all'Alleanza LearningPlanet!    Siamo lieti di aderire all'Alleanza LearningPlanet! Lanciata dal Learning Planet Institute e dall'UNESCO il 24 gennaio 2020 in occasione del<\/p><\/div><\/div><div class=\"fusion-meta-info\"><div class=\"fusion-alignleft\"><a class=\"fusion-read-more\" href=\"https:\/\/www.autresens.org\/it\/autresens-rejoint-la-learningplanet-alliance\/\" aria-label=\"More on AutreSens rejoint la LearningPlanet Alliance\">Read More<\/a><\/div><\/div><\/div><div class=\"fusion-clearfix\"><\/div><\/div>\n<\/article>\n<\/div><h3 class=\"fusion-timeline-date\" style=\"background-color:#ebeaea;\">Agosto 2022<\/h3><div class=\"fusion-collapse-month\"><article id=\"blog-1-post-16272\" style=\"border-color:#ebeaea;\" class=\"fusion-post-timeline fusion-clearfix fusion-left-column post-16272 post type-post status-publish format-standard has-post-thumbnail hentry category-actualites\">\n<div class=\"fusion-post-wrapper\" style=\"background-color:rgba(255,255,255,1);\">\n\n\t\t\t<div class=\"fusion-flexslider flexslider fusion-flexslider-loading fusion-post-slideshow\" style=\"border-color:#ebeaea;\">\n\t\t<ul class=\"slides\">\n\t\t\t\n\t\t\t\t\t\t\t\t\t\t\t\t\t\t<li><div  class=\"fusion-image-wrapper\" aria-haspopup=\"true\">\n\t\t\t\t<img decoding=\"async\" width=\"1920\" height=\"638\" src=\"https:\/\/www.autresens.org\/wp-content\/uploads\/2022\/01\/hands-gc59edf748_1920.png\" class=\"attachment-full size-full wp-post-image\" alt=\"\" srcset=\"https:\/\/www.autresens.org\/wp-content\/uploads\/2022\/01\/hands-gc59edf748_1920-200x66.png 200w, https:\/\/www.autresens.org\/wp-content\/uploads\/2022\/01\/hands-gc59edf748_1920-400x133.png 400w, https:\/\/www.autresens.org\/wp-content\/uploads\/2022\/01\/hands-gc59edf748_1920-600x199.png 600w, https:\/\/www.autresens.org\/wp-content\/uploads\/2022\/01\/hands-gc59edf748_1920-800x266.png 800w, https:\/\/www.autresens.org\/wp-content\/uploads\/2022\/01\/hands-gc59edf748_1920-1200x399.png 1200w, https:\/\/www.autresens.org\/wp-content\/uploads\/2022\/01\/hands-gc59edf748_1920.png 1920w\" sizes=\"(max-width: 1024px) 100vw, (max-width: 640px) 100vw, 40vw\" \/><div class=\"fusion-rollover\">\n\t<div class=\"fusion-rollover-content\">\n\n\t\t\t\t\n\t\t\n\t\t\t\t\t\t\t\t\t\t\t\t<h4 class=\"fusion-rollover-title\">\n\t\t\t\t\t<a class=\"fusion-rollover-title-link\" href=\"https:\/\/www.autresens.org\/it\/financements-a-hauteur-de-chf-500000\/\">\n\t\t\t\t\t\tFinanziamento di 500.000 franchi!\t\t\t\t\t<\/a>\n\t\t\t\t<\/h4>\n\t\t\t\n\t\t\t\t\t\t\t\t\n\t\t\n\t\t\t\t\t\t<a class=\"fusion-link-wrapper\" href=\"https:\/\/www.autresens.org\/it\/financements-a-hauteur-de-chf-500000\/\" aria-label=\"Finanziamento di 500.000 franchi!\"><\/a>\n\t<\/div>\n<\/div>\n<\/div>\n<\/li>\n\t\t\t\n\t\t\t\n\t\t\t\t\t\t\t\t\t\t\t\t\t\t\t\t\t\t\t\t\t\t\t\t\t\t\t\t\t\t\t\t\t\t\t\t\t\t\t\t\t\t\t\t\t\t\t\t\t\t\t\t\t\t\t\t\t\t\t\t\t\t\t\t\t\t\t\t<\/ul>\n\t<\/div>\n\t<div class=\"fusion-post-content-wrapper\" style=\"padding:30px 25px 20px 25px;\"><div class=\"fusion-post-content post-content\"><div class=\"fusion-timeline-circle\" style=\"background-color:#ebeaea;\"><\/div><div class=\"fusion-timeline-arrow\" style=\"color:#ebeaea;\"><\/div><h2 class=\"blog-shortcode-post-title entry-title\"><a href=\"https:\/\/www.autresens.org\/it\/financements-a-hauteur-de-chf-500000\/\">Finanziamento di 500.000 franchi!<\/a><\/h2><p class=\"fusion-single-line-meta\"><span class=\"vcard\" style=\"display: none;\"><span class=\"fn\"><a href=\"https:\/\/www.autresens.org\/it\/author\/autresensadmin\/\" title=\"Articoli scritti da AutreSens\" rel=\"author\">AltroSenso<\/a><\/span><\/span><span class=\"updated\" style=\"display:none;\">2023-08-15T15:00:42+02:00<\/span><span>15 agosto 2022<\/span><span class=\"fusion-inline-sep\">|<\/span><\/p><div class=\"fusion-content-sep sep-shadow\"><\/div><div class=\"fusion-post-content-container\"><p>AutreSens ha ricevuto 500.000 franchi svizzeri!   I primi due progetti di AutreSens (La G\u00e9n\u00e9tique autrement e Apprendre avec elegans) sono stati finanziati dalla Gebert R\u00fcf Stiftung per un importo pari a<\/p><\/div><\/div><div class=\"fusion-meta-info\"><div class=\"fusion-alignleft\"><a class=\"fusion-read-more\" href=\"https:\/\/www.autresens.org\/it\/financements-a-hauteur-de-chf-500000\/\" aria-label=\"More on Financements \u00e0 hauteur de CHF 500&rsquo;000 !\">Read More<\/a><\/div><\/div><\/div><div class=\"fusion-clearfix\"><\/div><\/div>\n<\/article>\n<\/div><h3 class=\"fusion-timeline-date\" style=\"background-color:#ebeaea;\">Ottobre 2021<\/h3><div class=\"fusion-collapse-month\"><article id=\"blog-1-post-15258\" style=\"border-color:#ebeaea;\" class=\"fusion-post-timeline fusion-clearfix fusion-right-column post-15258 post type-post status-publish format-standard has-post-thumbnail hentry category-actualites\">\n<div class=\"fusion-post-wrapper\" style=\"background-color:rgba(255,255,255,1);\">\n\n\t\t\t<div class=\"fusion-flexslider flexslider fusion-flexslider-loading fusion-post-slideshow\" style=\"border-color:#ebeaea;\">\n\t\t<ul class=\"slides\">\n\t\t\t\n\t\t\t\t\t\t\t\t\t\t\t\t\t\t<li><div  class=\"fusion-image-wrapper\" aria-haspopup=\"true\">\n\t\t\t\t<img decoding=\"async\" width=\"640\" height=\"170\" src=\"https:\/\/www.autresens.org\/wp-content\/uploads\/2023\/08\/A_Logo.png\" class=\"attachment-full size-full wp-post-image\" alt=\"\" srcset=\"https:\/\/www.autresens.org\/wp-content\/uploads\/2023\/08\/A_Logo-200x53.png 200w, https:\/\/www.autresens.org\/wp-content\/uploads\/2023\/08\/A_Logo-400x106.png 400w, https:\/\/www.autresens.org\/wp-content\/uploads\/2023\/08\/A_Logo-600x159.png 600w, https:\/\/www.autresens.org\/wp-content\/uploads\/2023\/08\/A_Logo.png 640w\" sizes=\"(max-width: 1024px) 100vw, (max-width: 640px) 100vw, 40vw\" \/><div class=\"fusion-rollover\">\n\t<div class=\"fusion-rollover-content\">\n\n\t\t\t\t\n\t\t\n\t\t\t\t\t\t\t\t\t\t\t\t<h4 class=\"fusion-rollover-title\">\n\t\t\t\t\t<a class=\"fusion-rollover-title-link\" href=\"https:\/\/www.autresens.org\/it\/rencontre-mint-ii\/\">\n\t\t\t\t\t\tSecondo incontro della rete di scuole MINT in Svizzera\t\t\t\t\t<\/a>\n\t\t\t\t<\/h4>\n\t\t\t\n\t\t\t\t\t\t\t\t\n\t\t\n\t\t\t\t\t\t<a class=\"fusion-link-wrapper\" href=\"https:\/\/www.autresens.org\/it\/rencontre-mint-ii\/\" aria-label=\"Secondo incontro della rete di scuole MINT in Svizzera\"><\/a>\n\t<\/div>\n<\/div>\n<\/div>\n<\/li>\n\t\t\t\n\t\t\t\n\t\t\t\t\t\t\t\t\t\t\t\t\t\t\t\t\t\t\t\t\t\t\t\t\t\t\t\t\t\t\t\t\t\t\t\t\t\t\t\t\t\t\t\t\t\t\t\t\t\t\t\t\t\t\t\t\t\t\t\t\t\t\t\t\t\t\t\t<\/ul>\n\t<\/div>\n\t<div class=\"fusion-post-content-wrapper\" style=\"padding:30px 25px 20px 25px;\"><div class=\"fusion-post-content post-content\"><div class=\"fusion-timeline-circle\" style=\"background-color:#ebeaea;\"><\/div><div class=\"fusion-timeline-arrow\" style=\"color:#ebeaea;\"><\/div><h2 class=\"blog-shortcode-post-title entry-title\"><a href=\"https:\/\/www.autresens.org\/it\/rencontre-mint-ii\/\">Secondo incontro della rete di scuole MINT in Svizzera<\/a><\/h2><p class=\"fusion-single-line-meta\"><span class=\"vcard\" style=\"display: none;\"><span class=\"fn\"><a href=\"https:\/\/www.autresens.org\/it\/author\/autresensadmin\/\" title=\"Articoli scritti da AutreSens\" rel=\"author\">AltroSenso<\/a><\/span><\/span><span class=\"updated\" style=\"display:none;\">2023-08-15T14:59:06+02:00<\/span><span>14 ottobre 2021<\/span><span class=\"fusion-inline-sep\">|<\/span><\/p><div class=\"fusion-content-sep sep-shadow\"><\/div><div class=\"fusion-post-content-container\"><p> AutreSens presentata al 2\u00b0 incontro della rete scolastica MINT Il 17 settembre 2021, AutreSens ha avuto l'opportunit\u00e0 di essere presentata al secondo incontro della rete scolastica MINT.<\/p><\/div><\/div><div class=\"fusion-meta-info\"><div class=\"fusion-alignleft\"><a class=\"fusion-read-more\" href=\"https:\/\/www.autresens.org\/it\/rencontre-mint-ii\/\" aria-label=\"More on Deuxi\u00e8me Rencontre du r\u00e9seau des \u00e9coles MINT Suisse\">Read More<\/a><\/div><\/div><\/div><div class=\"fusion-clearfix\"><\/div><\/div>\n<\/article>\n<article id=\"blog-1-post-15532\" style=\"border-color:#ebeaea;\" class=\"fusion-post-timeline fusion-clearfix fusion-left-column post-15532 post type-post status-publish format-standard has-post-thumbnail hentry category-actualites\">\n<div class=\"fusion-post-wrapper\" style=\"background-color:rgba(255,255,255,1);\">\n\n\t\t\t<div class=\"fusion-flexslider flexslider fusion-flexslider-loading fusion-post-slideshow\" style=\"border-color:#ebeaea;\">\n\t\t<ul class=\"slides\">\n\t\t\t\n\t\t\t\t\t\t\t\t\t\t\t\t\t\t<li><div  class=\"fusion-image-wrapper\" aria-haspopup=\"true\">\n\t\t\t\t<img decoding=\"async\" width=\"1280\" height=\"720\" src=\"https:\/\/www.autresens.org\/wp-content\/uploads\/2022\/05\/ScienceComm21.jpg\" class=\"attachment-full size-full wp-post-image\" alt=\"\" srcset=\"https:\/\/www.autresens.org\/wp-content\/uploads\/2022\/05\/ScienceComm21-200x113.jpg 200w, https:\/\/www.autresens.org\/wp-content\/uploads\/2022\/05\/ScienceComm21-400x225.jpg 400w, https:\/\/www.autresens.org\/wp-content\/uploads\/2022\/05\/ScienceComm21-600x338.jpg 600w, https:\/\/www.autresens.org\/wp-content\/uploads\/2022\/05\/ScienceComm21-800x450.jpg 800w, https:\/\/www.autresens.org\/wp-content\/uploads\/2022\/05\/ScienceComm21-1200x675.jpg 1200w, https:\/\/www.autresens.org\/wp-content\/uploads\/2022\/05\/ScienceComm21.jpg 1280w\" sizes=\"(max-width: 1024px) 100vw, (max-width: 640px) 100vw, 40vw\" \/><div class=\"fusion-rollover\">\n\t<div class=\"fusion-rollover-content\">\n\n\t\t\t\t\n\t\t\n\t\t\t\t\t\t\t\t\t\t\t\t<h4 class=\"fusion-rollover-title\">\n\t\t\t\t\t<a class=\"fusion-rollover-title-link\" href=\"https:\/\/www.autresens.org\/it\/autresens-a-sciencecomm21\/\">\n\t\t\t\t\t\tAutreSens a ScienceComm'21\t\t\t\t\t<\/a>\n\t\t\t\t<\/h4>\n\t\t\t\n\t\t\t\t\t\t\t\t\n\t\t\n\t\t\t\t\t\t<a class=\"fusion-link-wrapper\" href=\"https:\/\/www.autresens.org\/it\/autresens-a-sciencecomm21\/\" aria-label=\"AutreSens a ScienceComm&#039;21\"><\/a>\n\t<\/div>\n<\/div>\n<\/div>\n<\/li>\n\t\t\t\n\t\t\t\n\t\t\t\t\t\t\t\t\t\t\t\t\t\t\t\t\t\t\t\t\t\t\t\t\t\t\t\t\t\t\t\t\t\t\t\t\t\t\t\t\t\t\t\t\t\t\t\t\t\t\t\t\t\t\t\t\t\t\t\t\t\t\t\t\t\t\t\t<\/ul>\n\t<\/div>\n\t<div class=\"fusion-post-content-wrapper\" style=\"padding:30px 25px 20px 25px;\"><div class=\"fusion-post-content post-content\"><div class=\"fusion-timeline-circle\" style=\"background-color:#ebeaea;\"><\/div><div class=\"fusion-timeline-arrow\" style=\"color:#ebeaea;\"><\/div><h2 class=\"blog-shortcode-post-title entry-title\"><a href=\"https:\/\/www.autresens.org\/it\/autresens-a-sciencecomm21\/\">AutreSens a ScienceComm'21<\/a><\/h2><p class=\"fusion-single-line-meta\"><span class=\"vcard\" style=\"display: none;\"><span class=\"fn\"><a href=\"https:\/\/www.autresens.org\/it\/author\/autresensadmin\/\" title=\"Articoli scritti da AutreSens\" rel=\"author\">AltroSenso<\/a><\/span><\/span><span class=\"updated\" style=\"display:none;\">2023-01-12T23:01:25+01:00<\/span><span>12 ottobre 2021<\/span><span class=\"fusion-inline-sep\">|<\/span><\/p><div class=\"fusion-content-sep sep-shadow\"><\/div><div class=\"fusion-post-content-container\"><p>AutreSens a ScienceComm'21 AutreSens era presente a ScienceComm'21 a Friburgo il 15 e 16 settembre 2021. Marie-Pierre Chevron, Chantal Wicky e Julie Rothen hanno presentato il progetto intitolato \"The<\/p><\/div><\/div><div class=\"fusion-meta-info\"><div class=\"fusion-alignleft\"><a class=\"fusion-read-more\" href=\"https:\/\/www.autresens.org\/it\/autresens-a-sciencecomm21\/\" aria-label=\"More on AutreSens \u00e0 ScienceComm&rsquo;21\">Read More<\/a><\/div><\/div><\/div><div class=\"fusion-clearfix\"><\/div><\/div>\n<\/article>\n<\/div><h3 class=\"fusion-timeline-date\" style=\"background-color:#ebeaea;\">Luglio 2019<\/h3><div class=\"fusion-collapse-month\"><article id=\"blog-1-post-14074\" style=\"border-color:#ebeaea;\" class=\"fusion-post-timeline fusion-clearfix fusion-right-column post-14074 post type-post status-publish format-standard has-post-thumbnail hentry category-actualites\">\n<div class=\"fusion-post-wrapper\" style=\"background-color:rgba(255,255,255,1);\">\n\n\t\t\t<div class=\"fusion-flexslider flexslider fusion-flexslider-loading fusion-post-slideshow\" style=\"border-color:#ebeaea;\">\n\t\t<ul class=\"slides\">\n\t\t\t\n\t\t\t\t\t\t\t\t\t\t\t\t\t\t<li><div  class=\"fusion-image-wrapper\" aria-haspopup=\"true\">\n\t\t\t\t<img decoding=\"async\" width=\"486\" height=\"104\" src=\"https:\/\/www.autresens.org\/wp-content\/uploads\/2019\/07\/ImageScienceComm19-1.png\" class=\"attachment-full size-full wp-post-image\" alt=\"\" srcset=\"https:\/\/www.autresens.org\/wp-content\/uploads\/2019\/07\/ImageScienceComm19-1-200x43.png 200w, https:\/\/www.autresens.org\/wp-content\/uploads\/2019\/07\/ImageScienceComm19-1-400x86.png 400w, https:\/\/www.autresens.org\/wp-content\/uploads\/2019\/07\/ImageScienceComm19-1.png 486w\" sizes=\"(max-width: 1024px) 100vw, (max-width: 640px) 100vw, 40vw\" \/><div class=\"fusion-rollover\">\n\t<div class=\"fusion-rollover-content\">\n\n\t\t\t\t\n\t\t\n\t\t\t\t\t\t\t\t\t\t\t\t<h4 class=\"fusion-rollover-title\">\n\t\t\t\t\t<a class=\"fusion-rollover-title-link\" href=\"https:\/\/www.autresens.org\/it\/autresens-sera-a-sciencecomm19\/\">\n\t\t\t\t\t\tAutreSens era presente a ScienceComm'19\t\t\t\t\t<\/a>\n\t\t\t\t<\/h4>\n\t\t\t\n\t\t\t\t\t\t\t\t\n\t\t\n\t\t\t\t\t\t<a class=\"fusion-link-wrapper\" href=\"https:\/\/www.autresens.org\/it\/autresens-sera-a-sciencecomm19\/\" aria-label=\"AutreSens era presente a ScienceComm&#039;19\"><\/a>\n\t<\/div>\n<\/div>\n<\/div>\n<\/li>\n\t\t\t\n\t\t\t\n\t\t\t\t\t\t\t\t\t\t\t\t\t\t\t\t\t\t\t\t\t\t\t\t\t\t\t\t\t\t\t\t\t\t\t\t\t\t\t\t\t\t\t\t\t\t\t\t\t\t\t\t\t\t\t\t\t\t\t\t\t\t\t\t\t\t\t\t<\/ul>\n\t<\/div>\n\t<div class=\"fusion-post-content-wrapper\" style=\"padding:30px 25px 20px 25px;\"><div class=\"fusion-post-content post-content\"><div class=\"fusion-timeline-circle\" style=\"background-color:#ebeaea;\"><\/div><div class=\"fusion-timeline-arrow\" style=\"color:#ebeaea;\"><\/div><h2 class=\"blog-shortcode-post-title entry-title\"><a href=\"https:\/\/www.autresens.org\/it\/autresens-sera-a-sciencecomm19\/\">AutreSens era presente a ScienceComm'19<\/a><\/h2><p class=\"fusion-single-line-meta\"><span class=\"vcard\" style=\"display: none;\"><span class=\"fn\"><a href=\"https:\/\/www.autresens.org\/it\/author\/autresensadmin\/\" title=\"Articoli scritti da AutreSens\" rel=\"author\">AltroSenso<\/a><\/span><\/span><span class=\"updated\" style=\"display:none;\">2023-01-12T23:03:57+01:00<\/span><span>5 luglio 2019<\/span><span class=\"fusion-inline-sep\">|<\/span><\/p><div class=\"fusion-content-sep sep-shadow\"><\/div><div class=\"fusion-post-content-container\"><p> AutreSens sar\u00e0 presente a ScienceComm'19 AutreSens sar\u00e0 presente a ScienceComm'19, la conferenza annuale svizzera sulla comunicazione scientifica, per discutere di genetica, questo<\/p><\/div><\/div><div class=\"fusion-meta-info\"><div class=\"fusion-alignleft\"><a class=\"fusion-read-more\" href=\"https:\/\/www.autresens.org\/it\/autresens-sera-a-sciencecomm19\/\" aria-label=\"More on AutreSens \u00e9tait \u00e0 ScienceComm&rsquo;19\">Read More<\/a><\/div><\/div><\/div><div class=\"fusion-clearfix\"><\/div><\/div>\n<\/article>\n<article id=\"blog-1-post-14064\" style=\"border-color:#ebeaea;\" class=\"fusion-post-timeline fusion-clearfix fusion-left-column post-14064 post type-post status-publish format-standard has-post-thumbnail hentry category-actualites\">\n<div class=\"fusion-post-wrapper\" style=\"background-color:rgba(255,255,255,1);\">\n\n\t\t\t<div class=\"fusion-flexslider flexslider fusion-flexslider-loading fusion-post-slideshow\" style=\"border-color:#ebeaea;\">\n\t\t<ul class=\"slides\">\n\t\t\t\n\t\t\t\t\t\t\t\t\t\t\t\t\t\t<li><div  class=\"fusion-image-wrapper\" aria-haspopup=\"true\">\n\t\t\t\t<img decoding=\"async\" width=\"357\" height=\"138\" src=\"https:\/\/www.autresens.org\/wp-content\/uploads\/2019\/04\/LogoScienceCite.png\" class=\"attachment-full size-full wp-post-image\" alt=\"\" srcset=\"https:\/\/www.autresens.org\/wp-content\/uploads\/2019\/04\/LogoScienceCite-200x77.png 200w, https:\/\/www.autresens.org\/wp-content\/uploads\/2019\/04\/LogoScienceCite.png 357w\" sizes=\"(max-width: 1024px) 100vw, (max-width: 640px) 100vw, 40vw\" \/><div class=\"fusion-rollover\">\n\t<div class=\"fusion-rollover-content\">\n\n\t\t\t\t\n\t\t\n\t\t\t\t\t\t\t\t\t\t\t\t<h4 class=\"fusion-rollover-title\">\n\t\t\t\t\t<a class=\"fusion-rollover-title-link\" href=\"https:\/\/www.autresens.org\/it\/autresens-44eme-membre-de-sciencecite\/\">\n\t\t\t\t\t\tAutreSens, 44\u00b0 membro di Science&amp;Cit\u00e9\t\t\t\t\t<\/a>\n\t\t\t\t<\/h4>\n\t\t\t\n\t\t\t\t\t\t\t\t\n\t\t\n\t\t\t\t\t\t<a class=\"fusion-link-wrapper\" href=\"https:\/\/www.autresens.org\/it\/autresens-44eme-membre-de-sciencecite\/\" aria-label=\"AutreSens, 44\u00b0 membro di Science&amp;Cit\u00e9\"><\/a>\n\t<\/div>\n<\/div>\n<\/div>\n<\/li>\n\t\t\t\n\t\t\t\n\t\t\t\t\t\t\t\t\t\t\t\t\t\t\t\t\t\t\t\t\t\t\t\t\t\t\t\t\t\t\t\t\t\t\t\t\t\t\t\t\t\t\t\t\t\t\t\t\t\t\t\t\t\t\t\t\t\t\t\t\t\t\t\t\t\t\t\t<\/ul>\n\t<\/div>\n\t<div class=\"fusion-post-content-wrapper\" style=\"padding:30px 25px 20px 25px;\"><div class=\"fusion-post-content post-content\"><div class=\"fusion-timeline-circle\" style=\"background-color:#ebeaea;\"><\/div><div class=\"fusion-timeline-arrow\" style=\"color:#ebeaea;\"><\/div><h2 class=\"blog-shortcode-post-title entry-title\"><a href=\"https:\/\/www.autresens.org\/it\/autresens-44eme-membre-de-sciencecite\/\">AutreSens, 44\u00b0 membro di Science&amp;Cit\u00e9<\/a><\/h2><p class=\"fusion-single-line-meta\"><span class=\"vcard\" style=\"display: none;\"><span class=\"fn\"><a href=\"https:\/\/www.autresens.org\/it\/author\/autresensadmin\/\" title=\"Articoli scritti da AutreSens\" rel=\"author\">AltroSenso<\/a><\/span><\/span><span class=\"updated\" style=\"display:none;\">2019-07-05T00:03:06+02:00<\/span><span>4 luglio 2019<\/span><span class=\"fusion-inline-sep\">|<\/span><\/p><div class=\"fusion-content-sep sep-shadow\"><\/div><div class=\"fusion-post-content-container\"><p> AutreSens, 44\u00b0 membro di Science&amp;Cit\u00e9 AutreSens \u00e8 lieta di diventare il 44\u00b0 membro della rete Science&amp;Cit\u00e9, accanto a numerosi attori prestigiosi. Tra i membri,<\/p><\/div><\/div><div class=\"fusion-meta-info\"><div class=\"fusion-alignleft\"><a class=\"fusion-read-more\" href=\"https:\/\/www.autresens.org\/it\/autresens-44eme-membre-de-sciencecite\/\" aria-label=\"More on AutreSens, 44\u00e8me membre de Science&#038;Cit\u00e9\">Read More<\/a><\/div><\/div><\/div><div class=\"fusion-clearfix\"><\/div><\/div>\n<\/article>\n<\/div><h3 class=\"fusion-timeline-date\" style=\"background-color:#ebeaea;\">Marzo 2019<\/h3><div class=\"fusion-collapse-month\"><article id=\"blog-1-post-13993\" style=\"border-color:#ebeaea;\" class=\"fusion-post-timeline fusion-clearfix fusion-right-column post-13993 post type-post status-publish format-standard has-post-thumbnail hentry category-actualites\">\n<div class=\"fusion-post-wrapper\" style=\"background-color:rgba(255,255,255,1);\">\n\n\t\t\t<div class=\"fusion-flexslider flexslider fusion-flexslider-loading fusion-post-slideshow\" style=\"border-color:#ebeaea;\">\n\t\t<ul class=\"slides\">\n\t\t\t\n\t\t\t\t\t\t\t\t\t\t\t\t\t\t<li><div  class=\"fusion-image-wrapper\" aria-haspopup=\"true\">\n\t\t\t\t<img decoding=\"async\" width=\"593\" height=\"655\" src=\"https:\/\/www.autresens.org\/wp-content\/uploads\/2019\/03\/Image-dArticle-MetacognitionTool.jpg\" class=\"attachment-full size-full wp-post-image\" alt=\"\" srcset=\"https:\/\/www.autresens.org\/wp-content\/uploads\/2019\/03\/Image-dArticle-MetacognitionTool-200x221.jpg 200w, https:\/\/www.autresens.org\/wp-content\/uploads\/2019\/03\/Image-dArticle-MetacognitionTool-400x442.jpg 400w, https:\/\/www.autresens.org\/wp-content\/uploads\/2019\/03\/Image-dArticle-MetacognitionTool.jpg 593w\" sizes=\"(max-width: 1024px) 100vw, (max-width: 640px) 100vw, 40vw\" \/><div class=\"fusion-rollover\">\n\t<div class=\"fusion-rollover-content\">\n\n\t\t\t\t\n\t\t\n\t\t\t\t\t\t\t\t\t\t\t\t<h4 class=\"fusion-rollover-title\">\n\t\t\t\t\t<a class=\"fusion-rollover-title-link\" href=\"https:\/\/www.autresens.org\/it\/a-metacognitive-tool-theoretical-and-operational-analysis-of-skills-exercised-in-structured-concept-maps\/\">\n\t\t\t\t\t\tUno strumento metacognitivo: analisi teorica e operativa delle competenze esercitate nelle mappe concettuali strutturate\t\t\t\t\t<\/a>\n\t\t\t\t<\/h4>\n\t\t\t\n\t\t\t\t\t\t\t\t\n\t\t\n\t\t\t\t\t\t<a class=\"fusion-link-wrapper\" href=\"https:\/\/www.autresens.org\/it\/a-metacognitive-tool-theoretical-and-operational-analysis-of-skills-exercised-in-structured-concept-maps\/\" aria-label=\"Uno strumento metacognitivo: analisi teorica e operativa delle competenze esercitate nelle mappe concettuali strutturate\"><\/a>\n\t<\/div>\n<\/div>\n<\/div>\n<\/li>\n\t\t\t\n\t\t\t\n\t\t\t\t\t\t\t\t\t\t\t\t\t\t\t\t\t\t\t\t\t\t\t\t\t\t\t\t\t\t\t\t\t\t\t\t\t\t\t\t\t\t\t\t\t\t\t\t\t\t\t\t\t\t\t\t\t\t\t\t\t\t\t\t\t\t\t\t<\/ul>\n\t<\/div>\n\t<div class=\"fusion-post-content-wrapper\" style=\"padding:30px 25px 20px 25px;\"><div class=\"fusion-post-content post-content\"><div class=\"fusion-timeline-circle\" style=\"background-color:#ebeaea;\"><\/div><div class=\"fusion-timeline-arrow\" style=\"color:#ebeaea;\"><\/div><h2 class=\"blog-shortcode-post-title entry-title\"><a href=\"https:\/\/www.autresens.org\/it\/a-metacognitive-tool-theoretical-and-operational-analysis-of-skills-exercised-in-structured-concept-maps\/\">Uno strumento metacognitivo: analisi teorica e operativa delle competenze esercitate nelle mappe concettuali strutturate<\/a><\/h2><p class=\"fusion-single-line-meta\"><span class=\"vcard\" style=\"display: none;\"><span class=\"fn\"><a href=\"https:\/\/www.autresens.org\/it\/author\/autresensadmin\/\" title=\"Articoli scritti da AutreSens\" rel=\"author\">AltroSenso<\/a><\/span><\/span><span class=\"updated\" style=\"display:none;\">2019-03-10T18:17:19+01:00<\/span><span>10 Marzo 2019<\/span><span class=\"fusion-inline-sep\">|<\/span><\/p><div class=\"fusion-content-sep sep-shadow\"><\/div><div class=\"fusion-post-content-container\"><p> Uno strumento metacognitivo: analisi teorica e operativa delle competenze esercitate nelle mappe concettuali strutturate Estratto (articolo disponibile solo in lingua inglese) Sviluppare un apprendimento significativo non \u00e8<\/p><\/div><\/div><div class=\"fusion-meta-info\"><div class=\"fusion-alignleft\"><a class=\"fusion-read-more\" href=\"https:\/\/www.autresens.org\/it\/a-metacognitive-tool-theoretical-and-operational-analysis-of-skills-exercised-in-structured-concept-maps\/\" aria-label=\"More on A metacognitive tool: Theoretical and operational analysis of skills exercised in structured concept maps\">Read More<\/a><\/div><\/div><\/div><div class=\"fusion-clearfix\"><\/div><\/div>\n<\/article>\n<\/div><h3 class=\"fusion-timeline-date\" style=\"background-color:#ebeaea;\">Giugno 2018<\/h3><div class=\"fusion-collapse-month\"><article id=\"blog-1-post-13701\" style=\"border-color:#ebeaea;\" class=\"fusion-post-timeline fusion-clearfix fusion-left-column post-13701 post type-post status-publish format-standard has-post-thumbnail hentry category-actualites\">\n<div class=\"fusion-post-wrapper\" style=\"background-color:rgba(255,255,255,1);\">\n\n\t\t\t<div class=\"fusion-flexslider flexslider fusion-flexslider-loading fusion-post-slideshow\" style=\"border-color:#ebeaea;\">\n\t\t<ul class=\"slides\">\n\t\t\t\n\t\t\t\t\t\t\t\t\t\t\t\t\t\t<li><div  class=\"fusion-image-wrapper\" aria-haspopup=\"true\">\n\t\t\t\t<img decoding=\"async\" width=\"1200\" height=\"800\" src=\"https:\/\/www.autresens.org\/wp-content\/uploads\/2018\/06\/IMG.png\" class=\"attachment-full size-full wp-post-image\" alt=\"\" srcset=\"https:\/\/www.autresens.org\/wp-content\/uploads\/2018\/06\/IMG-200x133.png 200w, https:\/\/www.autresens.org\/wp-content\/uploads\/2018\/06\/IMG-400x267.png 400w, https:\/\/www.autresens.org\/wp-content\/uploads\/2018\/06\/IMG-600x400.png 600w, https:\/\/www.autresens.org\/wp-content\/uploads\/2018\/06\/IMG-800x533.png 800w, https:\/\/www.autresens.org\/wp-content\/uploads\/2018\/06\/IMG.png 1200w\" sizes=\"(max-width: 1024px) 100vw, (max-width: 640px) 100vw, 40vw\" \/><div class=\"fusion-rollover\">\n\t<div class=\"fusion-rollover-content\">\n\n\t\t\t\t\n\t\t\n\t\t\t\t\t\t\t\t\t\t\t\t<h4 class=\"fusion-rollover-title\">\n\t\t\t\t\t<a class=\"fusion-rollover-title-link\" href=\"https:\/\/www.autresens.org\/it\/ecsa-european-citizen-science-association\/\">\n\t\t\t\t\t\tECSA, Associazione europea per la scienza dei cittadini\t\t\t\t\t<\/a>\n\t\t\t\t<\/h4>\n\t\t\t\n\t\t\t\t\t\t\t\t\n\t\t\n\t\t\t\t\t\t<a class=\"fusion-link-wrapper\" href=\"https:\/\/www.autresens.org\/it\/ecsa-european-citizen-science-association\/\" aria-label=\"ECSA, Associazione europea per la scienza dei cittadini\"><\/a>\n\t<\/div>\n<\/div>\n<\/div>\n<\/li>\n\t\t\t\n\t\t\t\n\t\t\t\t\t\t\t\t\t\t\t\t\t\t\t\t\t\t\t\t\t\t\t\t\t\t\t\t\t\t\t\t\t\t\t\t\t\t\t\t\t\t\t\t\t\t\t\t\t\t\t\t\t\t\t\t\t\t\t\t\t\t\t\t\t\t\t\t<\/ul>\n\t<\/div>\n\t<div class=\"fusion-post-content-wrapper\" style=\"padding:30px 25px 20px 25px;\"><div class=\"fusion-post-content post-content\"><div class=\"fusion-timeline-circle\" style=\"background-color:#ebeaea;\"><\/div><div class=\"fusion-timeline-arrow\" style=\"color:#ebeaea;\"><\/div><h2 class=\"blog-shortcode-post-title entry-title\"><a href=\"https:\/\/www.autresens.org\/it\/ecsa-european-citizen-science-association\/\">ECSA, Associazione europea per la scienza dei cittadini<\/a><\/h2><p class=\"fusion-single-line-meta\"><span class=\"vcard\" style=\"display: none;\"><span class=\"fn\"><a href=\"https:\/\/www.autresens.org\/it\/author\/autresensadmin\/\" title=\"Articoli scritti da AutreSens\" rel=\"author\">AltroSenso<\/a><\/span><\/span><span class=\"updated\" style=\"display:none;\">2018-07-11T01:00:35+02:00<\/span><span>17 giugno 2018<\/span><span class=\"fusion-inline-sep\">|<\/span><\/p><div class=\"fusion-content-sep sep-shadow\"><\/div><div class=\"fusion-post-content-container\"><p> ECSA, European Citizen Science Association Luned\u00ec 4 giugno 2018, due dei nostri giovani membri* si sono recati a Ginevra per partecipare al congresso ECSA 2018 (European<\/p><\/div><\/div><div class=\"fusion-meta-info\"><div class=\"fusion-alignleft\"><a class=\"fusion-read-more\" href=\"https:\/\/www.autresens.org\/it\/ecsa-european-citizen-science-association\/\" aria-label=\"More on ECSA, European Citizen Science Association\">Read More<\/a><\/div><\/div><\/div><div class=\"fusion-clearfix\"><\/div><\/div>\n<\/article>\n<\/div><\/div><\/div><\/div><\/div><\/div><\/div><\/div><\/p>","protected":false},"excerpt":{"rendered":"","protected":false},"author":1,"featured_media":0,"parent":2,"menu_order":0,"comment_status":"closed","ping_status":"closed","template":"100-width.php","meta":{"give_campaign_id":0,"footnotes":""},"class_list":["post-15733","page","type-page","status-publish","hentry"],"yoast_head":"<!-- This site is optimized with the Yoast SEO plugin v27.5 - https:\/\/yoast.com\/product\/yoast-seo-wordpress\/ -->\n<title>Archives - AutreSens<\/title>\n<meta name=\"robots\" content=\"index, follow, max-snippet:-1, max-image-preview:large, max-video-preview:-1\" \/>\n<link rel=\"canonical\" href=\"https:\/\/www.autresens.org\/it\/a-propos\/archives\/\" \/>\n<meta property=\"og:locale\" content=\"it_IT\" \/>\n<meta property=\"og:type\" content=\"article\" \/>\n<meta property=\"og:title\" content=\"Archives - AutreSens\" \/>\n<meta property=\"og:url\" content=\"https:\/\/www.autresens.org\/it\/a-propos\/archives\/\" \/>\n<meta property=\"og:site_name\" content=\"AutreSens\" \/>\n<meta property=\"article:modified_time\" content=\"2023-08-15T00:36:22+00:00\" \/>\n<meta name=\"twitter:card\" content=\"summary_large_image\" \/>\n<meta name=\"twitter:label1\" content=\"Tempo di lettura stimato\" \/>\n\t<meta name=\"twitter:data1\" content=\"1 minuto\" \/>\n<script type=\"application\/ld+json\" class=\"yoast-schema-graph\">{\"@context\":\"https:\\\/\\\/schema.org\",\"@graph\":[{\"@type\":\"WebPage\",\"@id\":\"https:\\\/\\\/www.autresens.org\\\/a-propos\\\/archives\\\/\",\"url\":\"https:\\\/\\\/www.autresens.org\\\/a-propos\\\/archives\\\/\",\"name\":\"Archives - AutreSens\",\"isPartOf\":{\"@id\":\"https:\\\/\\\/www.autresens.org\\\/#website\"},\"datePublished\":\"2023-01-12T21:41:13+00:00\",\"dateModified\":\"2023-08-15T00:36:22+00:00\",\"breadcrumb\":{\"@id\":\"https:\\\/\\\/www.autresens.org\\\/a-propos\\\/archives\\\/#breadcrumb\"},\"inLanguage\":\"it-IT\",\"potentialAction\":[{\"@type\":\"ReadAction\",\"target\":[\"https:\\\/\\\/www.autresens.org\\\/a-propos\\\/archives\\\/\"]}]},{\"@type\":\"BreadcrumbList\",\"@id\":\"https:\\\/\\\/www.autresens.org\\\/a-propos\\\/archives\\\/#breadcrumb\",\"itemListElement\":[{\"@type\":\"ListItem\",\"position\":1,\"name\":\"Accueil\",\"item\":\"https:\\\/\\\/www.autresens.org\\\/\"},{\"@type\":\"ListItem\",\"position\":2,\"name\":\"\u00c0 propos\",\"item\":\"https:\\\/\\\/www.autresens.org\\\/a-propos\\\/\"},{\"@type\":\"ListItem\",\"position\":3,\"name\":\"Archives\"}]},{\"@type\":\"WebSite\",\"@id\":\"https:\\\/\\\/www.autresens.org\\\/#website\",\"url\":\"https:\\\/\\\/www.autresens.org\\\/\",\"name\":\"AutreSens\",\"description\":\"S&#039;engager d\u00e8s l&#039;\u00e9cole.\",\"publisher\":{\"@id\":\"https:\\\/\\\/www.autresens.org\\\/#organization\"},\"potentialAction\":[{\"@type\":\"SearchAction\",\"target\":{\"@type\":\"EntryPoint\",\"urlTemplate\":\"https:\\\/\\\/www.autresens.org\\\/?s={search_term_string}\"},\"query-input\":{\"@type\":\"PropertyValueSpecification\",\"valueRequired\":true,\"valueName\":\"search_term_string\"}}],\"inLanguage\":\"it-IT\"},{\"@type\":\"Organization\",\"@id\":\"https:\\\/\\\/www.autresens.org\\\/#organization\",\"name\":\"AutreSens\",\"url\":\"https:\\\/\\\/www.autresens.org\\\/\",\"logo\":{\"@type\":\"ImageObject\",\"inLanguage\":\"it-IT\",\"@id\":\"https:\\\/\\\/www.autresens.org\\\/#\\\/schema\\\/logo\\\/image\\\/\",\"url\":\"https:\\\/\\\/i0.wp.com\\\/www.autresens.org\\\/wp-content\\\/uploads\\\/2023\\\/04\\\/AutreSens_Logo_ICONE_bleu.png?fit=645%2C645&ssl=1\",\"contentUrl\":\"https:\\\/\\\/i0.wp.com\\\/www.autresens.org\\\/wp-content\\\/uploads\\\/2023\\\/04\\\/AutreSens_Logo_ICONE_bleu.png?fit=645%2C645&ssl=1\",\"width\":645,\"height\":645,\"caption\":\"AutreSens\"},\"image\":{\"@id\":\"https:\\\/\\\/www.autresens.org\\\/#\\\/schema\\\/logo\\\/image\\\/\"}}]}<\/script>\n<!-- \/ Yoast SEO plugin. -->","yoast_head_json":{"title":"Archives - AutreSens","robots":{"index":"index","follow":"follow","max-snippet":"max-snippet:-1","max-image-preview":"max-image-preview:large","max-video-preview":"max-video-preview:-1"},"canonical":"https:\/\/www.autresens.org\/it\/a-propos\/archives\/","og_locale":"it_IT","og_type":"article","og_title":"Archives - AutreSens","og_url":"https:\/\/www.autresens.org\/it\/a-propos\/archives\/","og_site_name":"AutreSens","article_modified_time":"2023-08-15T00:36:22+00:00","twitter_card":"summary_large_image","twitter_misc":{"Tempo di lettura stimato":"1 minuto"},"schema":{"@context":"https:\/\/schema.org","@graph":[{"@type":"WebPage","@id":"https:\/\/www.autresens.org\/a-propos\/archives\/","url":"https:\/\/www.autresens.org\/a-propos\/archives\/","name":"Archives - AutreSens","isPartOf":{"@id":"https:\/\/www.autresens.org\/#website"},"datePublished":"2023-01-12T21:41:13+00:00","dateModified":"2023-08-15T00:36:22+00:00","breadcrumb":{"@id":"https:\/\/www.autresens.org\/a-propos\/archives\/#breadcrumb"},"inLanguage":"it-IT","potentialAction":[{"@type":"ReadAction","target":["https:\/\/www.autresens.org\/a-propos\/archives\/"]}]},{"@type":"BreadcrumbList","@id":"https:\/\/www.autresens.org\/a-propos\/archives\/#breadcrumb","itemListElement":[{"@type":"ListItem","position":1,"name":"Accueil","item":"https:\/\/www.autresens.org\/"},{"@type":"ListItem","position":2,"name":"\u00c0 propos","item":"https:\/\/www.autresens.org\/a-propos\/"},{"@type":"ListItem","position":3,"name":"Archives"}]},{"@type":"WebSite","@id":"https:\/\/www.autresens.org\/#website","url":"https:\/\/www.autresens.org\/","name":"AltroSenso","description":"S&#039;impegnarsi a scuola.","publisher":{"@id":"https:\/\/www.autresens.org\/#organization"},"potentialAction":[{"@type":"SearchAction","target":{"@type":"EntryPoint","urlTemplate":"https:\/\/www.autresens.org\/?s={search_term_string}"},"query-input":{"@type":"PropertyValueSpecification","valueRequired":true,"valueName":"search_term_string"}}],"inLanguage":"it-IT"},{"@type":"Organization","@id":"https:\/\/www.autresens.org\/#organization","name":"AltroSenso","url":"https:\/\/www.autresens.org\/","logo":{"@type":"ImageObject","inLanguage":"it-IT","@id":"https:\/\/www.autresens.org\/#\/schema\/logo\/image\/","url":"https:\/\/i0.wp.com\/www.autresens.org\/wp-content\/uploads\/2023\/04\/AutreSens_Logo_ICONE_bleu.png?fit=645%2C645&ssl=1","contentUrl":"https:\/\/i0.wp.com\/www.autresens.org\/wp-content\/uploads\/2023\/04\/AutreSens_Logo_ICONE_bleu.png?fit=645%2C645&ssl=1","width":645,"height":645,"caption":"AutreSens"},"image":{"@id":"https:\/\/www.autresens.org\/#\/schema\/logo\/image\/"}}]}},"campaignId":"","_links":{"self":[{"href":"https:\/\/www.autresens.org\/it\/wp-json\/wp\/v2\/pages\/15733","targetHints":{"allow":["GET"]}}],"collection":[{"href":"https:\/\/www.autresens.org\/it\/wp-json\/wp\/v2\/pages"}],"about":[{"href":"https:\/\/www.autresens.org\/it\/wp-json\/wp\/v2\/types\/page"}],"author":[{"embeddable":true,"href":"https:\/\/www.autresens.org\/it\/wp-json\/wp\/v2\/users\/1"}],"replies":[{"embeddable":true,"href":"https:\/\/www.autresens.org\/it\/wp-json\/wp\/v2\/comments?post=15733"}],"version-history":[{"count":6,"href":"https:\/\/www.autresens.org\/it\/wp-json\/wp\/v2\/pages\/15733\/revisions"}],"predecessor-version":[{"id":15810,"href":"https:\/\/www.autresens.org\/it\/wp-json\/wp\/v2\/pages\/15733\/revisions\/15810"}],"up":[{"embeddable":true,"href":"https:\/\/www.autresens.org\/it\/wp-json\/wp\/v2\/pages\/2"}],"wp:attachment":[{"href":"https:\/\/www.autresens.org\/it\/wp-json\/wp\/v2\/media?parent=15733"}],"curies":[{"name":"wp","href":"https:\/\/api.w.org\/{rel}","templated":true}]}}